{"id":5,"date":"2018-03-26T13:13:02","date_gmt":"2018-03-26T13:13:02","guid":{"rendered":"http:\/\/bridge209.qodeinteractive.com\/?page_id=5"},"modified":"2025-12-16T00:39:55","modified_gmt":"2025-12-15T23:39:55","slug":"home","status":"publish","type":"page","link":"https:\/\/www.fondazionebiancaballabio.org\/","title":{"rendered":"Home"},"content":{"rendered":"<p>[vc_row css_animation=&#8221;&#8221; row_type=&#8221;row&#8221; use_row_as_full_screen_section=&#8221;no&#8221; type=&#8221;grid&#8221; angled_section=&#8221;no&#8221; text_align=&#8221;left&#8221; background_image_as_pattern=&#8221;without_pattern&#8221; anchor=&#8221;bianca&#8221; z_index=&#8221;&#8221; css=&#8221;.vc_custom_1614676976565{padding-top: 120px !important;padding-bottom: 50px !important;}&#8221;][vc_column offset=&#8221;vc_col-md-6&#8243;][qode_elements_holder number_of_columns=&#8221;one_column&#8221;][qode_elements_holder_item advanced_animations=&#8221;no&#8221; item_padding=&#8221;30px 10% 0px 0px&#8221; item_padding_768_1024=&#8221;0px&#8221; item_padding_600_768=&#8221;0px&#8221; item_padding_480_600=&#8221;0px&#8221; item_padding_480=&#8221;0px&#8221;][vc_column_text]<\/p>\n<h1>Bianca<\/h1>\n<p>[\/vc_column_text][\/qode_elements_holder_item][\/qode_elements_holder][vc_empty_space height=&#8221;30px&#8221;][vc_column_text]<\/p>\n<p style=\"text-align: justify;\">Bianca aveva vent&#8217;anni e studiava <strong>Medicina e Chirurgia<\/strong> all&#8217;Universit\u00e0 di Sassari.<br \/>\nIl 27 luglio 2020 conclude in anticipo tutti gli esami del primo anno con un 30 in Anatomia 1, frutto di impegno e determinazione.<br \/>\nPochi giorni dopo un incidente la porta in terapia intensiva al San Gerardo di Monza.<br \/>\nL&#8217;11 Agosto 2020 Bianca ci lascia. La sua prima eredit\u00e0 sar\u00e0 la <strong>donazione degli organi<\/strong>.<\/p>\n<p style=\"text-align: justify;\">Bianca, la ragazza senza fronzoli che cantava sempre, con un eterno sorriso per tutti e una gran voglia di vivere, lascia un profondo vuoto intorno a s\u00e9. Un vuoto che doveva essere colmato.<\/p>\n<p style=\"text-align: justify;\">Ed \u00e8 proprio con questa volont\u00e0 che, nel febbraio 2021, mamma Michela e pap\u00e0 Massimo danno vita alla <strong>Fondazione Bianca Ballabio<\/strong>: per trasformare il sogno di Bianca \u2013 la <strong>Medicina<\/strong> \u2013 in opportunit\u00e0 concrete per chi cura.<\/p>\n<p>[\/vc_column_text][vc_empty_space height=&#8221;60px&#8221;][\/vc_column][vc_column offset=&#8221;vc_col-md-6&#8243;][vc_empty_space height=&#8221;20px&#8221;][vc_single_image image=&#8221;192&#8243; img_size=&#8221;full&#8221; alignment=&#8221;center&#8221; qode_css_animation=&#8221;element_from_right&#8221;][vc_empty_space height=&#8221;60px&#8221;][\/vc_column][\/vc_row][vc_row css_animation=&#8221;&#8221; row_type=&#8221;row&#8221; use_row_as_full_screen_section=&#8221;no&#8221; type=&#8221;full_width&#8221; angled_section=&#8221;no&#8221; text_align=&#8221;left&#8221; background_image_as_pattern=&#8221;without_pattern&#8221; z_index=&#8221;&#8221; anchor=&#8221;mission&#8221;][vc_column][qode_elements_holder number_of_columns=&#8221;two_columns&#8221;][qode_elements_holder_item cover=&#8221;yes&#8221; advanced_animations=&#8221;no&#8221; background_image=&#8221;266&#8243; item_padding_600_768=&#8221;250px&#8221; item_padding_480_600=&#8221;200px&#8221; item_padding_480=&#8221;200px&#8221;][\/qode_elements_holder_item][qode_elements_holder_item advanced_animations=&#8221;no&#8221; background_color=&#8221;#e8ecf6&#8243; item_padding=&#8221;75px 100px&#8221; item_padding_1280_1440=&#8221;90px&#8221; item_padding_1024_1280=&#8221;80px&#8221; item_padding_768_1024=&#8221;60px&#8221; item_padding_600_768=&#8221;90px&#8221; item_padding_480_600=&#8221;90px 40px&#8221; item_padding_480=&#8221;90px 40px&#8221;][vc_column_text]<\/p>\n<h2>Missione<\/h2>\n<p>[\/vc_column_text][vc_empty_space height=&#8221;22px&#8221;][vc_column_text]<\/p>\n<p style=\"text-align: justify;\">La Fondazione Bianca Ballabio nasce per ricordare Bianca, prematuramente scomparsa, e per dare vita ai sogni che non ha avuto il tempo di realizzare.<br \/>\nBianca, studentessa appassionata di Medicina, coltivava con entusiasmo il desiderio di diventare medico ed era profondamente interessata ai viaggi e agli scambi culturali, esperienze che aveva gi\u00e0 iniziato a vivere nonostante la giovane et\u00e0.<br \/>\n<strong>La Fondazione si pone dunque l\u2019obiettivo di promuovere scambi interculturali formativi nell\u2019ambito delle Scienze Mediche, offrendo supporto economico e organizzativo a studenti di Medicina, giovani medici, specializzandi e ricercatori.<\/strong><br \/>\nAttraverso borse di studio annuali, i candidati selezionati potranno approfondire la propria formazione presso Universit\u00e0, Ospedali o Istituti di Ricerca all\u2019estero.<br \/>\nLa selezione avverr\u00e0 tramite un bando annuale valutato da un comitato, che individuer\u00e0 i meritevoli sulla base del curriculum, con attenzione alle condizioni economiche dei candidati. I vincitori, se non impossibilitati, condivideranno pubblicamente i risultati del loro percorso, presentandoli durante un evento annuale dedicato alla memoria di Bianca, dove si celebreranno i suoi valori e il suo impegno.<br \/>\n<strong>Oltre a questa iniziativa, la Fondazione sviluppa un modello di intervento medico-sociale capillare e rigorosamente pianificato: ogni progetto viene selezionato basandosi su criteri scientifici e di impatto territoriale, e affidato a partner locali \u2013 centri di ricerca universitari, strutture ospedaliere e poli di formazione specialistica \u2013 scelti per la loro comprovata trasparenza gestionale.<\/strong><b> I finanziamenti sono vincolati a obiettivi specifici \u2013 potenziamento di laboratori universitari, avvio di percorsi di formazione specialistica, acquisto di strumentazioni diagnostiche o di addestramento \u2013 e corredati da un sistema di monitoraggio trimestrale con report pubblici sull\u2019impiego effettivo delle risorse. In questo modo, ogni euro donato non si disperde in grandi enti generici, ma arriva direttamente in progetti mirati, garantendo concretezza, tracciabilit\u00e0 e un impatto tangibile, nell\u2019intento di onorare al meglio la memoria di Bianca.<\/b><\/p>\n<p>[\/vc_column_text][vc_empty_space height=&#8221;22px&#8221;][\/qode_elements_holder_item][\/qode_elements_holder][\/vc_column][\/vc_row][vc_row css_animation=&#8221;&#8221; row_type=&#8221;row&#8221; use_row_as_full_screen_section=&#8221;no&#8221; type=&#8221;full_width&#8221; angled_section=&#8221;no&#8221; text_align=&#8221;left&#8221; background_image_as_pattern=&#8221;without_pattern&#8221; z_index=&#8221;&#8221; anchor=&#8221;vision&#8221;][vc_column][qode_elements_holder number_of_columns=&#8221;two_columns&#8221;][qode_elements_holder_item advanced_animations=&#8221;no&#8221; background_color=&#8221;#ffffff&#8221; item_padding=&#8221;75px 100px&#8221; item_padding_1280_1440=&#8221;90px&#8221; item_padding_1024_1280=&#8221;80px&#8221; item_padding_768_1024=&#8221;60px&#8221; item_padding_600_768=&#8221;90px&#8221; item_padding_480_600=&#8221;90px 40px&#8221; item_padding_480=&#8221;90px 40px&#8221;][vc_column_text]<\/p>\n<h2>Visione<\/h2>\n<p>[\/vc_column_text][vc_empty_space height=&#8221;22px&#8221;][vc_column_text]<\/p>\n<p style=\"text-align: justify;\">Immaginiamo una <strong>Medicina<\/strong> capace di <strong>dare a chi cura gli strumenti migliori<\/strong> per farlo.<\/p>\n<p style=\"text-align: justify;\">Per questo promuoviamo borse di studio e percorsi formativi di alto livello, oltre a iniziative che danno forza al territorio, alle universit\u00e0 e agli ospedali.<strong><br \/>\n<\/strong><\/p>\n<p>[\/vc_column_text][vc_empty_space height=&#8221;22px&#8221;][\/qode_elements_holder_item][qode_elements_holder_item advanced_animations=&#8221;no&#8221; item_padding=&#8221;75px 100px&#8221;][vc_column_text]<\/p>\n<h2 style=\"text-align: center; color: grey; text-shadow: 1px 1px lightgrey;\">&#8220;La vera generosit\u00e0 verso il futuro consiste nel donare tutto al presente.&#8221;<\/h2>\n<h5 style=\"text-align: center; margin-top: 25px; color: grey; text-shadow: 1px 1px lightgrey;\">Albert Camus<\/h5>\n<p>[\/vc_column_text][\/qode_elements_holder_item][\/qode_elements_holder][\/vc_column][\/vc_row][vc_row css_animation=&#8221;&#8221; row_type=&#8221;row&#8221; use_row_as_full_screen_section=&#8221;no&#8221; type=&#8221;grid&#8221; angled_section=&#8221;no&#8221; text_align=&#8221;center&#8221; background_image_as_pattern=&#8221;without_pattern&#8221; anchor=&#8221;progetti&#8221; z_index=&#8221;&#8221; css=&#8221;.vc_custom_1616491684539{padding-top: 120px !important;padding-bottom: 100px !important;background-color: #f7f8fa !important;}&#8221;][vc_column][qode_elements_holder number_of_columns=&#8221;one_column&#8221;][qode_elements_holder_item advanced_animations=&#8221;no&#8221; item_padding=&#8221;0px 10% 60px&#8221; item_padding_480_600=&#8221;0px 0% 60px&#8221; item_padding_480=&#8221;0px 0% 60px&#8221;][vc_column_text]<\/p>\n<h1>Progetti realizzati &#8211; 2025<\/h1>\n<p>[\/vc_column_text][\/qode_elements_holder_item][\/qode_elements_holder]\n<div class='latest_post_holder image_on_the_left_boxed  ' >\n    <ul>\n    <li class=\"clearfix \">\n    <div class=\"latest_post\">\n        <div class=\"latest_post_image clearfix\">\n            <a itemprop=\"url\" href=\"https:\/\/www.fondazionebiancaballabio.org\/index.php\/2025\/12\/16\/borsa-di-studio-in-memoria-di-sofia-filippini-sostegno-alla-ricerca\/\">\n                                <img decoding=\"async\" itemprop=\"image\" src=\"https:\/\/www.fondazionebiancaballabio.org\/wp-content\/uploads\/2025\/12\/581168401_1239643888201615_4776297160113349623_n-150x150.jpg\" alt=\"\" \/>\n            <\/a>\n        <\/div>\n        <div class=\"latest_post_text\">\n            <div class=\"latest_post_inner\">\n                <div class=\"latest_post_text_inner\">\n                                                            <h3 itemprop=\"name\" class=\"latest_post_title entry_title\"><a itemprop=\"url\" href=\"https:\/\/www.fondazionebiancaballabio.org\/index.php\/2025\/12\/16\/borsa-di-studio-in-memoria-di-sofia-filippini-sostegno-alla-ricerca\/\">Borsa di Studio in memoria di Sofia Filippini: sostegno alla ricerca<\/a><\/h3>\n                    <p class=\"excerpt\">Insieme ai nostri cari amici Alessia Fugazzola e Nicola Zeni, abbiamo presentato la Borsa di Studio intitolata alla Dott.ssa Sofia Filippini, giovane medico prematuramente scomparsa. Il premio \u00e8 stato assegnato al Dott. Giordano Spacco, specializzando dell&#8217;Universit\u00e0 di Genova (Diabetologia Ospedale Gaslini). Grazie alla collaborazione con FID e l&#8217;Associazione Diabetici Brescia, il vincitore potr\u00e0 svolgere un anno di preziosa ricerca a Lovanio, in Belgio, per combattere il diabete di...<\/p>\n                    <span class=\"post_infos\">\n\n                        \n                        \n                        \n\n                    <\/span>\n                <\/div>\n            <\/div>\n        <\/div>\n    <\/div>\n<\/li>\n        <li class=\"clearfix \">\n    <div class=\"latest_post\">\n        <div class=\"latest_post_image clearfix\">\n            <a itemprop=\"url\" href=\"https:\/\/www.fondazionebiancaballabio.org\/index.php\/2025\/12\/16\/borsa-di-studio-fondazione-bianca-ballabio-2025\/\">\n                                <img decoding=\"async\" itemprop=\"image\" src=\"https:\/\/www.fondazionebiancaballabio.org\/wp-content\/uploads\/2021\/12\/logo_ateneo-1-150x150.jpg\" alt=\"\" \/>\n            <\/a>\n        <\/div>\n        <div class=\"latest_post_text\">\n            <div class=\"latest_post_inner\">\n                <div class=\"latest_post_text_inner\">\n                                                            <h3 itemprop=\"name\" class=\"latest_post_title entry_title\"><a itemprop=\"url\" href=\"https:\/\/www.fondazionebiancaballabio.org\/index.php\/2025\/12\/16\/borsa-di-studio-fondazione-bianca-ballabio-2025\/\">Borsa di Studio Fondazione Bianca Ballabio &#8211; 2025<\/a><\/h3>\n                    <p class=\"excerpt\">Anche quest&#8217;anno la Fondazione ha rinnovato il suo impegno con l&#8217;Universit\u00e0 di Sassari, istituendo una Borsa di Studio per premiare il merito. Il riconoscimento per il 2025 \u00e8 stato assegnato alla Dott.ssa Giulia Soggia, che ha concluso il suo percorso con 110 e Lode e menzione d&#8217;onore. Questa edizione \u00e8 stata resa possibile grazie alla generosa donazione del Rotary Club Busto, Gallarate, Legnano &#8220;La Malpensa&#8221;. Un ringraziamento sentito al Presidente Dr. Roberto Anto...<\/p>\n                    <span class=\"post_infos\">\n\n                        \n                        \n                        \n\n                    <\/span>\n                <\/div>\n            <\/div>\n        <\/div>\n    <\/div>\n<\/li>\n        <li class=\"clearfix \">\n    <div class=\"latest_post\">\n        <div class=\"latest_post_image clearfix\">\n            <a itemprop=\"url\" href=\"https:\/\/www.fondazionebiancaballabio.org\/index.php\/2025\/12\/16\/il-germoglio-di-bianca-e-sbocciato\/\">\n                                <img decoding=\"async\" itemprop=\"image\" src=\"https:\/\/www.fondazionebiancaballabio.org\/wp-content\/uploads\/2025\/12\/IMG_9957-150x150.jpg\" alt=\"\" \/>\n            <\/a>\n        <\/div>\n        <div class=\"latest_post_text\">\n            <div class=\"latest_post_inner\">\n                <div class=\"latest_post_text_inner\">\n                                                            <h3 itemprop=\"name\" class=\"latest_post_title entry_title\"><a itemprop=\"url\" href=\"https:\/\/www.fondazionebiancaballabio.org\/index.php\/2025\/12\/16\/il-germoglio-di-bianca-e-sbocciato\/\">Il Germoglio di Bianca \u00e9 sbocciato!<\/a><\/h3>\n                    <p class=\"excerpt\">Durante il nostro evento annuale, condotto con grande sensibilit\u00e0 dall&#8217;amico Max Pisu, abbiamo annunciato con orgoglio che &#8220;Il germoglio di Bianca&#8221; \u00e8 ufficialmente sbocciato. \u00c8 stato un impegno durato tre anni, che ci ha permesso di donare al reparto materno-infantile 4 letti di ultima generazione per il parto, 2 ecografi per il monitoraggio fetale e 4 docce per l&#8217;analgesia naturale. Un ringraziamento speciale va alla Fondazione Quattro Ospedali e ai Lions Club (Legnano H...<\/p>\n                    <span class=\"post_infos\">\n\n                        \n                        \n                        \n\n                    <\/span>\n                <\/div>\n            <\/div>\n        <\/div>\n    <\/div>\n<\/li>\n        \n    <\/ul>\n<\/div>[\/vc_column][\/vc_row][vc_row css_animation=&#8221;&#8221; row_type=&#8221;row&#8221; use_row_as_full_screen_section=&#8221;no&#8221; type=&#8221;grid&#8221; angled_section=&#8221;no&#8221; text_align=&#8221;center&#8221; background_image_as_pattern=&#8221;without_pattern&#8221; anchor=&#8221;progetti&#8221; z_index=&#8221;&#8221; css=&#8221;.vc_custom_1616491684539{padding-top: 120px !important;padding-bottom: 100px !important;background-color: #f7f8fa !important;}&#8221;][vc_column][qode_elements_holder number_of_columns=&#8221;one_column&#8221;][qode_elements_holder_item advanced_animations=&#8221;no&#8221; item_padding=&#8221;0px 10% 60px&#8221; item_padding_480_600=&#8221;0px 0% 60px&#8221; item_padding_480=&#8221;0px 0% 60px&#8221;][vc_column_text]<\/p>\n<h1>Progetti realizzati &#8211; 2024<\/h1>\n<p>[\/vc_column_text][\/qode_elements_holder_item][\/qode_elements_holder]\n<div class='latest_post_holder image_on_the_left_boxed  ' >\n    <ul>\n    <li class=\"clearfix \">\n    <div class=\"latest_post\">\n        <div class=\"latest_post_image clearfix\">\n            <a itemprop=\"url\" href=\"https:\/\/www.fondazionebiancaballabio.org\/index.php\/2025\/03\/13\/borsa-di-studio-fondazione-bianca-ballabio-2024\/\">\n                                <img decoding=\"async\" itemprop=\"image\" src=\"https:\/\/www.fondazionebiancaballabio.org\/wp-content\/uploads\/2021\/12\/logo_ateneo-1-150x150.jpg\" alt=\"\" \/>\n            <\/a>\n        <\/div>\n        <div class=\"latest_post_text\">\n            <div class=\"latest_post_inner\">\n                <div class=\"latest_post_text_inner\">\n                                                            <h3 itemprop=\"name\" class=\"latest_post_title entry_title\"><a itemprop=\"url\" href=\"https:\/\/www.fondazionebiancaballabio.org\/index.php\/2025\/03\/13\/borsa-di-studio-fondazione-bianca-ballabio-2024\/\">Borsa di Studio Fondazione Bianca Ballabio &#8211; 2024<\/a><\/h3>\n                    <p class=\"excerpt\">A Dicembre 2024 \u00e8 stata nuovamente assegnata con Decreto Rettorale la Borsa Premio Annuale \u201cBianca Ballabio\u201d presso l\u2019Universit\u00e0 di Sassari (Dipartimento di Medicina e Chirurgia) al miglior studente dell\u2019anno accademico che frequentava Bianca. &nbsp; &nbsp;La borsa donata dalla Fondazione Bianca Ballabio \u00e8 annuale ed \u00e8 del valore di 3.000 euro. Quest\u2019anno la borsa \u00e8 stata assegnata a Tomaso Leonardo Porcheddu quale miglior studente dell\u2019anno accademico di Medicina e Chirurgia 2023\/2024. Con ques...<\/p>\n                    <span class=\"post_infos\">\n\n                        \n                        \n                        \n\n                    <\/span>\n                <\/div>\n            <\/div>\n        <\/div>\n    <\/div>\n<\/li>\n        <li class=\"clearfix \">\n    <div class=\"latest_post\">\n        <div class=\"latest_post_image clearfix\">\n            <a itemprop=\"url\" href=\"https:\/\/www.fondazionebiancaballabio.org\/index.php\/2024\/08\/31\/il-germoglio-di-bianca-cresce\/\">\n                                <img decoding=\"async\" itemprop=\"image\" src=\"https:\/\/www.fondazionebiancaballabio.org\/wp-content\/uploads\/2024\/08\/533e44ba98041c7ed9e1f494a99768e833745cd8dc25e8f05dfd80d338eca421-150x150.jpg\" alt=\"\" \/>\n            <\/a>\n        <\/div>\n        <div class=\"latest_post_text\">\n            <div class=\"latest_post_inner\">\n                <div class=\"latest_post_text_inner\">\n                                                            <h3 itemprop=\"name\" class=\"latest_post_title entry_title\"><a itemprop=\"url\" href=\"https:\/\/www.fondazionebiancaballabio.org\/index.php\/2024\/08\/31\/il-germoglio-di-bianca-cresce\/\">Il Germoglio di Bianca cresce&#8230;<\/a><\/h3>\n                    <p class=\"excerpt\">Il progetto \u201dIl Germoglio di Bianca\u201d attuato nel 2021 vede quest\u2019anno la sua evoluzione ne \u201cIl Germoglio di Bianca CRESCE\u2026\u201d con la donazione di due letti travaglio\/parto ed un ecografo di ultima generazione consegnati al reparto di Ginecologia e Ostetricia all\u2019Ospedale di Legnano il giorno 30 Luglio 2024. Sempre in memoria della nostra giovane Bianca, il progetto \u00e8 stato realizzato grazie al contributo dalla Fondazione Quattro Ospedali (Dr. Norberto Albertalli), dal contributo dei Club Lions \u201cLe...<\/p>\n                    <span class=\"post_infos\">\n\n                        \n                        \n                        \n\n                    <\/span>\n                <\/div>\n            <\/div>\n        <\/div>\n    <\/div>\n<\/li>\n        \n    <\/ul>\n<\/div>[\/vc_column][\/vc_row][vc_row css_animation=&#8221;&#8221; row_type=&#8221;row&#8221; use_row_as_full_screen_section=&#8221;no&#8221; type=&#8221;grid&#8221; angled_section=&#8221;no&#8221; text_align=&#8221;center&#8221; background_image_as_pattern=&#8221;without_pattern&#8221; anchor=&#8221;progetti&#8221; z_index=&#8221;&#8221; css=&#8221;.vc_custom_1616491684539{padding-top: 120px !important;padding-bottom: 100px !important;background-color: #f7f8fa !important;}&#8221;][vc_column][qode_elements_holder number_of_columns=&#8221;one_column&#8221;][qode_elements_holder_item advanced_animations=&#8221;no&#8221; item_padding=&#8221;0px 10% 60px&#8221; item_padding_480_600=&#8221;0px 0% 60px&#8221; item_padding_480=&#8221;0px 0% 60px&#8221;][vc_column_text]<\/p>\n<h1>Progetti realizzati &#8211; 2023<\/h1>\n<p>[\/vc_column_text][\/qode_elements_holder_item][\/qode_elements_holder]\n<div class='latest_post_holder image_on_the_left_boxed  ' >\n    <ul>\n    <li class=\"clearfix \">\n    <div class=\"latest_post\">\n        <div class=\"latest_post_image clearfix\">\n            <a itemprop=\"url\" href=\"https:\/\/www.fondazionebiancaballabio.org\/index.php\/2024\/02\/05\/borsa-di-studio-fondazione-bianca-ballabio-2023-1\/\">\n                                <img decoding=\"async\" itemprop=\"image\" src=\"https:\/\/www.fondazionebiancaballabio.org\/wp-content\/uploads\/2021\/11\/Logoinsubria-150x150-1-150x150.png\" alt=\"\" \/>\n            <\/a>\n        <\/div>\n        <div class=\"latest_post_text\">\n            <div class=\"latest_post_inner\">\n                <div class=\"latest_post_text_inner\">\n                                                            <h3 itemprop=\"name\" class=\"latest_post_title entry_title\"><a itemprop=\"url\" href=\"https:\/\/www.fondazionebiancaballabio.org\/index.php\/2024\/02\/05\/borsa-di-studio-fondazione-bianca-ballabio-2023-1\/\">Borsa di Studio Fondazione Bianca Ballabio &#8211; 2023 &#8211; #1<\/a><\/h3>\n                    <p class=\"excerpt\">Il 5 Dicembre 2023 \u00e8 stata ufficialmente pubblicata dall\u2019Universit\u00e0 dell\u2019Insubria di Varese &#8211; Dipartimento di Medicina e Chirurgia &#8211;&nbsp;&nbsp;una borsa di studio per attivit\u00e0 di ricerca donata dalla Fondazione Bianca Ballabio.Il titolo di questa borsa di studio \u00e8 \u201cBorsa di studio della Fondazione Bianca Ballabio: Ruolo della innovazione tecnologica e delle tecniche mini-invasive sul miglioramento degli esiti nell\u2019ambito della Chirurgia\u201d. La vincitrice di questa borsa di studio \u00e8 la...<\/p>\n                    <span class=\"post_infos\">\n\n                        \n                        \n                        \n\n                    <\/span>\n                <\/div>\n            <\/div>\n        <\/div>\n    <\/div>\n<\/li>\n        <li class=\"clearfix \">\n    <div class=\"latest_post\">\n        <div class=\"latest_post_image clearfix\">\n            <a itemprop=\"url\" href=\"https:\/\/www.fondazionebiancaballabio.org\/index.php\/2024\/02\/05\/borsa-di-studio-fondazione-bianca-ballabio-2023-2\/\">\n                                <img decoding=\"async\" itemprop=\"image\" src=\"https:\/\/www.fondazionebiancaballabio.org\/wp-content\/uploads\/2021\/11\/Logoinsubria-150x150-1-150x150.png\" alt=\"\" \/>\n            <\/a>\n        <\/div>\n        <div class=\"latest_post_text\">\n            <div class=\"latest_post_inner\">\n                <div class=\"latest_post_text_inner\">\n                                                            <h3 itemprop=\"name\" class=\"latest_post_title entry_title\"><a itemprop=\"url\" href=\"https:\/\/www.fondazionebiancaballabio.org\/index.php\/2024\/02\/05\/borsa-di-studio-fondazione-bianca-ballabio-2023-2\/\">Borsa di Studio Fondazione Bianca Ballabio &#8211; 2023 &#8211; #2<\/a><\/h3>\n                    <p class=\"excerpt\">Il 5 Dicembre 2023&nbsp;&nbsp;\u00e8 stata ufficialmente pubblicata dall\u2019Universit\u00e0 dell\u2019Insubria di Varese &#8211; Dipartimento di Medicina e Chirurgia &#8211;&nbsp;&nbsp;una borsa di studio per attivit\u00e0 di ricerca donata dalla Fondazione Bianca Ballabio.&nbsp;Il titolo di questa borsa di studio \u00e8 \u201cBorsa di studio della Fondazione Bianca Ballabio: il ruolo delle innovazioni tecnologiche e delle tecniche diagnostico-terapeutiche sul miglioramento degli esiti nell\u2019ambito della Medicina\u201d La vincitrice ...<\/p>\n                    <span class=\"post_infos\">\n\n                        \n                        \n                        \n\n                    <\/span>\n                <\/div>\n            <\/div>\n        <\/div>\n    <\/div>\n<\/li>\n        <li class=\"clearfix \">\n    <div class=\"latest_post\">\n        <div class=\"latest_post_image clearfix\">\n            <a itemprop=\"url\" href=\"https:\/\/www.fondazionebiancaballabio.org\/index.php\/2024\/02\/05\/borsa-premio-bianca-ballabio-universita-di-sassari-2023\/\">\n                                <img decoding=\"async\" itemprop=\"image\" src=\"https:\/\/www.fondazionebiancaballabio.org\/wp-content\/uploads\/2021\/12\/logo_ateneo-150x150.jpg\" alt=\"\" \/>\n            <\/a>\n        <\/div>\n        <div class=\"latest_post_text\">\n            <div class=\"latest_post_inner\">\n                <div class=\"latest_post_text_inner\">\n                                                            <h3 itemprop=\"name\" class=\"latest_post_title entry_title\"><a itemprop=\"url\" href=\"https:\/\/www.fondazionebiancaballabio.org\/index.php\/2024\/02\/05\/borsa-premio-bianca-ballabio-universita-di-sassari-2023\/\">Borsa Premio &#8220;Bianca Ballabio&#8221;, Universit\u00e1 di Sassari &#8211; 2023<\/a><\/h3>\n                    <p class=\"excerpt\">Nel dicembre 2023, la Borsa Premio \u201cBianca Ballabio\u201d \u00e8 stata assegnata a Aurelia Plossi, miglior studentessa dell\u2019anno accademico 2022\/2023. Anche quest\u2019anno il riconoscimento \u00e8 stato reso possibile grazie alla Fondazione, in continuit\u00e0 con l\u2019impegno a premiare merito e dedizione....<\/p>\n                    <span class=\"post_infos\">\n\n                        \n                        \n                        \n\n                    <\/span>\n                <\/div>\n            <\/div>\n        <\/div>\n    <\/div>\n<\/li>\n        \n    <\/ul>\n<\/div>[\/vc_column][\/vc_row][vc_row css_animation=&#8221;&#8221; row_type=&#8221;row&#8221; use_row_as_full_screen_section=&#8221;no&#8221; type=&#8221;grid&#8221; angled_section=&#8221;no&#8221; text_align=&#8221;center&#8221; background_image_as_pattern=&#8221;without_pattern&#8221; anchor=&#8221;progetti&#8221; z_index=&#8221;&#8221; css=&#8221;.vc_custom_1616491684539{padding-top: 120px !important;padding-bottom: 100px !important;background-color: #f7f8fa !important;}&#8221;][vc_column][qode_elements_holder number_of_columns=&#8221;one_column&#8221;][qode_elements_holder_item advanced_animations=&#8221;no&#8221; item_padding=&#8221;0px 10% 60px&#8221; item_padding_480_600=&#8221;0px 0% 60px&#8221; item_padding_480=&#8221;0px 0% 60px&#8221;][vc_column_text]<\/p>\n<h1>Progetti realizzati &#8211; 2022<\/h1>\n<p>[\/vc_column_text][\/qode_elements_holder_item][\/qode_elements_holder]\n<div class='latest_post_holder image_on_the_left_boxed  ' >\n    <ul>\n    <li class=\"clearfix \">\n    <div class=\"latest_post\">\n        <div class=\"latest_post_image clearfix\">\n            <a itemprop=\"url\" href=\"https:\/\/www.fondazionebiancaballabio.org\/index.php\/2023\/03\/24\/borsa-premio-bianca-ballabio-universita-di-sassari-2022\/\">\n                                <img decoding=\"async\" itemprop=\"image\" src=\"https:\/\/www.fondazionebiancaballabio.org\/wp-content\/uploads\/2021\/12\/logo_ateneo-150x150.jpg\" alt=\"\" \/>\n            <\/a>\n        <\/div>\n        <div class=\"latest_post_text\">\n            <div class=\"latest_post_inner\">\n                <div class=\"latest_post_text_inner\">\n                                                            <h3 itemprop=\"name\" class=\"latest_post_title entry_title\"><a itemprop=\"url\" href=\"https:\/\/www.fondazionebiancaballabio.org\/index.php\/2023\/03\/24\/borsa-premio-bianca-ballabio-universita-di-sassari-2022\/\">Borsa Premio &#8220;Bianca Ballabio&#8221;, Universit\u00e1 di Sassari &#8211; 2022<\/a><\/h3>\n                    <p class=\"excerpt\">A dicembre 2022 la Borsa Premio \u201cBianca Ballabio\u201d \u00e8 stata nuovamente conferita con decreto rettorale. Il premio, sempre di 3.000 euro, \u00e8 andato a Chiara Mazzafoglia, miglior studentessa dell\u2019anno accademico 2021\/2022....<\/p>\n                    <span class=\"post_infos\">\n\n                        \n                        \n                        \n\n                    <\/span>\n                <\/div>\n            <\/div>\n        <\/div>\n    <\/div>\n<\/li>\n        <li class=\"clearfix \">\n    <div class=\"latest_post\">\n        <div class=\"latest_post_image clearfix\">\n            <a itemprop=\"url\" href=\"https:\/\/www.fondazionebiancaballabio.org\/index.php\/2023\/01\/05\/le-mani-di-bianca\/\">\n                                <img decoding=\"async\" itemprop=\"image\" src=\"https:\/\/www.fondazionebiancaballabio.org\/wp-content\/uploads\/2023\/01\/Immagine-23-12-22-alle-17.22-150x150.jpg\" alt=\"\" \/>\n            <\/a>\n        <\/div>\n        <div class=\"latest_post_text\">\n            <div class=\"latest_post_inner\">\n                <div class=\"latest_post_text_inner\">\n                                                            <h3 itemprop=\"name\" class=\"latest_post_title entry_title\"><a itemprop=\"url\" href=\"https:\/\/www.fondazionebiancaballabio.org\/index.php\/2023\/01\/05\/le-mani-di-bianca\/\">Le Mani di Bianca<\/a><\/h3>\n                    <p class=\"excerpt\">Il prestigioso progetto dell\u2019anno 2022 \u201cLe Mani di Bianca\u201d \u00e9 stato sostenuto dalla Fondazione Bianca Ballabio unitamente alla partecipazione della \u201cUniversit\u00e1 Insubria\u201d e da \u201cCredit Agricole Italia\u201d. La donazione, il cui valore supera i 90.000\u20ac, \u00e9 consistita nell\u2019acquisto di un innovativo simulatore laparoscopico di nome \u201cLapSim\u201d. Questa innovativa macchina \u00e9 prodotta dalla famosa azienda Surgical Science Sweden ed \u00e9 in dotazione al momento solo in altre tre universit\u00e1 italiane. Quest\u2019ultima \u00e9 s...<\/p>\n                    <span class=\"post_infos\">\n\n                        \n                        \n                        \n\n                    <\/span>\n                <\/div>\n            <\/div>\n        <\/div>\n    <\/div>\n<\/li>\n        \n    <\/ul>\n<\/div>[\/vc_column][\/vc_row][vc_row css_animation=&#8221;&#8221; row_type=&#8221;row&#8221; use_row_as_full_screen_section=&#8221;no&#8221; type=&#8221;grid&#8221; angled_section=&#8221;no&#8221; text_align=&#8221;center&#8221; background_image_as_pattern=&#8221;without_pattern&#8221; anchor=&#8221;progetti&#8221; z_index=&#8221;&#8221; css=&#8221;.vc_custom_1679682669041{padding-bottom: 100px !important;background-color: #f7f8fa !important;}&#8221;][vc_column][qode_elements_holder number_of_columns=&#8221;one_column&#8221;][qode_elements_holder_item advanced_animations=&#8221;no&#8221; item_padding=&#8221;0px 10% 60px&#8221; item_padding_480_600=&#8221;0px 0% 60px&#8221; item_padding_480=&#8221;0px 0% 60px&#8221;][vc_column_text]<\/p>\n<h1>Progetti realizzati &#8211; 2021<\/h1>\n<p>[\/vc_column_text][\/qode_elements_holder_item][\/qode_elements_holder]\n<div class='latest_post_holder image_on_the_left_boxed  ' >\n    <ul>\n    <li class=\"clearfix \">\n    <div class=\"latest_post\">\n        <div class=\"latest_post_image clearfix\">\n            <a itemprop=\"url\" href=\"https:\/\/www.fondazionebiancaballabio.org\/index.php\/2021\/03\/31\/il-germoglio-di-bianca\/\">\n                                <img decoding=\"async\" itemprop=\"image\" src=\"https:\/\/www.fondazionebiancaballabio.org\/wp-content\/uploads\/2021\/03\/Ospedale001-150x150.jpg\" alt=\"\" \/>\n            <\/a>\n        <\/div>\n        <div class=\"latest_post_text\">\n            <div class=\"latest_post_inner\">\n                <div class=\"latest_post_text_inner\">\n                                                            <h3 itemprop=\"name\" class=\"latest_post_title entry_title\"><a itemprop=\"url\" href=\"https:\/\/www.fondazionebiancaballabio.org\/index.php\/2021\/03\/31\/il-germoglio-di-bianca\/\">Il Germoglio di Bianca<\/a><\/h3>\n                    <p class=\"excerpt\">Il progetto \u201dIl Germoglio di Bianca\u201d, in memoria appunto di Bianca Ballabio, \u00e8 stato sostenuto dalla Fondazione degli Ospedali grazie al contributo dei Club Lions \u201cLegnano Carroccio\u201d e \u201cLegnano Host\u201d e ovviamente dalla Fondazione Bianca Ballabio. La Donazione, che supera i 50 mila euro, \u00e8 rivolta a favore della realizzazione di speciali innovazioni per le nuove sale parto (quattro docce speciali per travaglio e parto in acqua) presso l\u2019Ospedale di Legnano e sar\u00e0 attivo a partire dall\u2019estate 2021...<\/p>\n                    <span class=\"post_infos\">\n\n                        \n                        \n                        \n\n                    <\/span>\n                <\/div>\n            <\/div>\n        <\/div>\n    <\/div>\n<\/li>\n        <li class=\"clearfix \">\n    <div class=\"latest_post\">\n        <div class=\"latest_post_image clearfix\">\n            <a itemprop=\"url\" href=\"https:\/\/www.fondazionebiancaballabio.org\/index.php\/2021\/11\/29\/borsa-di-studio-fondazione-bianca-ballabio\/\">\n                                <img decoding=\"async\" itemprop=\"image\" src=\"https:\/\/www.fondazionebiancaballabio.org\/wp-content\/uploads\/2021\/11\/Logoinsubria-150x150-1-150x150.png\" alt=\"\" \/>\n            <\/a>\n        <\/div>\n        <div class=\"latest_post_text\">\n            <div class=\"latest_post_inner\">\n                <div class=\"latest_post_text_inner\">\n                                                            <h3 itemprop=\"name\" class=\"latest_post_title entry_title\"><a itemprop=\"url\" href=\"https:\/\/www.fondazionebiancaballabio.org\/index.php\/2021\/11\/29\/borsa-di-studio-fondazione-bianca-ballabio\/\">Borsa di Studio Fondazione Bianca Ballabio<\/a><\/h3>\n                    <p class=\"excerpt\">Il 5 agosto 2021 \u00e8 stata ufficialmente pubblicata dall&#8217;Universit\u00e0 dell&#8217;Insubria di Varese una borsa di studio per attivit\u00e0 di ricerca.Il titolo di questa borsa di studio \u00e8 &#8220;Borsa di studio della Fondazione Bianca Ballabio: il ruolo delle tecniche chirurgiche non invasive nel miglioramento della qualit\u00e0 della vita&#8221;L&#8217;attivit\u00e0 di ricerca si svolger\u00e0 presso la prestigiosa Universit\u00e0 di Medicina &#8220;Karolinska Institut&#8221; di Solma, Svezia.Il valore della donazione...<\/p>\n                    <span class=\"post_infos\">\n\n                        \n                        \n                        \n\n                    <\/span>\n                <\/div>\n            <\/div>\n        <\/div>\n    <\/div>\n<\/li>\n        <li class=\"clearfix \">\n    <div class=\"latest_post\">\n        <div class=\"latest_post_image clearfix\">\n            <a itemprop=\"url\" href=\"https:\/\/www.fondazionebiancaballabio.org\/index.php\/2022\/01\/13\/borsa-premio-bianca-ballabio-universita-di-sassari\/\">\n                                <img decoding=\"async\" itemprop=\"image\" src=\"https:\/\/www.fondazionebiancaballabio.org\/wp-content\/uploads\/2021\/12\/logo_ateneo-150x150.jpg\" alt=\"\" \/>\n            <\/a>\n        <\/div>\n        <div class=\"latest_post_text\">\n            <div class=\"latest_post_inner\">\n                <div class=\"latest_post_text_inner\">\n                                                            <h3 itemprop=\"name\" class=\"latest_post_title entry_title\"><a itemprop=\"url\" href=\"https:\/\/www.fondazionebiancaballabio.org\/index.php\/2022\/01\/13\/borsa-premio-bianca-ballabio-universita-di-sassari\/\">BORSA PREMIO &#8220;Bianca Ballabio&#8221;, Universita&#8217; di Sassari &#8211; 2021<\/a><\/h3>\n                    <p class=\"excerpt\">Il 16 dicembre 2021, l\u2019Universit\u00e0 di Sassari ha assegnato la prima Borsa Premio \u201cBianca Ballabio\u201d al miglior studente del corso di Medicina e Chirurgia, frequentato anche da Bianca. Il riconoscimento, del valore di 3.000 euro, \u00e8 stato donato dalla Fondazione e attribuito a Valentina Canu, miglior studentessa dell\u2019Anno Accademico 2020\/2021....<\/p>\n                    <span class=\"post_infos\">\n\n                        \n                        \n                        \n\n                    <\/span>\n                <\/div>\n            <\/div>\n        <\/div>\n    <\/div>\n<\/li>\n        \n    <\/ul>\n<\/div>[\/vc_column][\/vc_row][vc_row css_animation=&#8221;&#8221; row_type=&#8221;row&#8221; use_row_as_full_screen_section=&#8221;no&#8221; type=&#8221;grid&#8221; angled_section=&#8221;no&#8221; text_align=&#8221;center&#8221; background_image_as_pattern=&#8221;without_pattern&#8221; anchor=&#8221;riconoscimenti&#8221; z_index=&#8221;&#8221; css=&#8221;.vc_custom_1748259763433{padding-bottom: 100px !important;background-color: #f7f8fa !important;}&#8221;][vc_column][qode_elements_holder number_of_columns=&#8221;one_column&#8221;][qode_elements_holder_item advanced_animations=&#8221;no&#8221; item_padding=&#8221;0px 10% 60px&#8221; item_padding_480_600=&#8221;0px 0% 60px&#8221; item_padding_480=&#8221;0px 0% 60px&#8221;][vc_column_text]<\/p>\n<h1>Riconoscimenti<\/h1>\n<p>[\/vc_column_text][\/qode_elements_holder_item][\/qode_elements_holder]\n<div class='latest_post_holder image_on_the_left_boxed  ' >\n    <ul>\n    <li class=\"clearfix \">\n    <div class=\"latest_post\">\n        <div class=\"latest_post_image clearfix\">\n            <a itemprop=\"url\" href=\"https:\/\/www.fondazionebiancaballabio.org\/index.php\/2025\/12\/16\/un-momento-speciale-a-sassari-luniversita-ricorda-bianca\/\">\n                                <img decoding=\"async\" itemprop=\"image\" src=\"https:\/\/www.fondazionebiancaballabio.org\/wp-content\/uploads\/2021\/12\/logo_ateneo-1-150x150.jpg\" alt=\"\" \/>\n            <\/a>\n        <\/div>\n        <div class=\"latest_post_text\">\n            <div class=\"latest_post_inner\">\n                <div class=\"latest_post_text_inner\">\n                                                            <h3 itemprop=\"name\" class=\"latest_post_title entry_title\"><a itemprop=\"url\" href=\"https:\/\/www.fondazionebiancaballabio.org\/index.php\/2025\/12\/16\/un-momento-speciale-a-sassari-luniversita-ricorda-bianca\/\">Un momento speciale a Sassari: l&#8217;Universit\u00e0 ricorda Bianca<\/a><\/h3>\n                    <p class=\"excerpt\">IL 28 ottobre 2025 abbiamo vissuto un momento di profonda commozione presso l&#8217;Universit\u00e0 degli Studi di Sassari. Alla presenza del Magnifico Rettore Gavino Mariotti e del corpo docente, \u00e8 stata consegnata alla famiglia una targa ufficiale con il sigillo dell&#8217;Ateneo e un attestato di merito alla memoria. L&#8217;Universit\u00e0 ha voluto onorare Bianca proprio nell&#8217;anno in cui avrebbe completato i suoi studi, ricordando incomiabile impegno, entusiasmo e passione con cui si \u00e8 dedicata...<\/p>\n                    <span class=\"post_infos\">\n\n                        \n                        \n                        \n\n                    <\/span>\n                <\/div>\n            <\/div>\n        <\/div>\n    <\/div>\n<\/li>\n        <li class=\"clearfix \">\n    <div class=\"latest_post\">\n        <div class=\"latest_post_image clearfix\">\n            <a itemprop=\"url\" href=\"https:\/\/www.fondazionebiancaballabio.org\/index.php\/2024\/11\/02\/30mo-premio-teresa-merlo\/\">\n                                <img decoding=\"async\" itemprop=\"image\" src=\"https:\/\/www.fondazionebiancaballabio.org\/wp-content\/uploads\/2024\/11\/images-150x150.png\" alt=\"\" \/>\n            <\/a>\n        <\/div>\n        <div class=\"latest_post_text\">\n            <div class=\"latest_post_inner\">\n                <div class=\"latest_post_text_inner\">\n                                                            <h3 itemprop=\"name\" class=\"latest_post_title entry_title\"><a itemprop=\"url\" href=\"https:\/\/www.fondazionebiancaballabio.org\/index.php\/2024\/11\/02\/30mo-premio-teresa-merlo\/\">30mo Premio Teresa Merlo<\/a><\/h3>\n                    <p class=\"excerpt\">Il 30 giugno 2024, nella sede della Famiglia Legnanese, \u00e8 stato conferito alla Fondazione Bianca Ballabio, il 30\u00b0 Premio Teresa Merlo \u201cUna vita, un\u2019attivit\u00e0 per il prossimo\u201d su indicazione della famiglia Merlo e come da rati\ufb01ca dal consiglio della Famiglia Legnanese Questa la motivazione: \u201cPer aver scelto di far vivere, attraverso la Fondazione a lei intitolata, il sogno di Bianca di diventare un medico appassionato ed entusiasta, dedito all\u2019approfondimento e allo sviluppo della medicina e alla ...<\/p>\n                    <span class=\"post_infos\">\n\n                        \n                        \n                        \n\n                    <\/span>\n                <\/div>\n            <\/div>\n        <\/div>\n    <\/div>\n<\/li>\n        <li class=\"clearfix \">\n    <div class=\"latest_post\">\n        <div class=\"latest_post_image clearfix\">\n            <a itemprop=\"url\" href=\"https:\/\/www.fondazionebiancaballabio.org\/index.php\/2024\/02\/05\/benemerenza-civica-alla-fondazione-bianca-ballabio\/\">\n                                <img decoding=\"async\" itemprop=\"image\" src=\"https:\/\/www.fondazionebiancaballabio.org\/wp-content\/uploads\/2024\/02\/image-150x150.png\" alt=\"\" \/>\n            <\/a>\n        <\/div>\n        <div class=\"latest_post_text\">\n            <div class=\"latest_post_inner\">\n                <div class=\"latest_post_text_inner\">\n                                                            <h3 itemprop=\"name\" class=\"latest_post_title entry_title\"><a itemprop=\"url\" href=\"https:\/\/www.fondazionebiancaballabio.org\/index.php\/2024\/02\/05\/benemerenza-civica-alla-fondazione-bianca-ballabio\/\">Benemerenza Civica alla Fondazione Bianca Ballabio<\/a><\/h3>\n                    <p class=\"excerpt\">Domenica 5 Novembre 2023 \u00e8 stata ufficialmente consegnata\u00a0dal Sindaco di Legnano Lorenzo Radice la Benemerenza quale premio civico alla nostra Fondazione Bianca Ballabio \u00a0&#8220;per i progetti realizzati in campo sanitario e assistenziale, le borse di studio erogate a studenti e ricercatori e le innovazioni nell&#8217;Ospedale di Legnano, segni tangibili dell&#8217;attenzione alla cura della comunit\u00e0 e del prossimo&#8221;Grande ricoscimento\u00a0di seriet\u00e0 e lavoro alla nostra fondazione....<\/p>\n                    <span class=\"post_infos\">\n\n                        \n                        \n                        \n\n                    <\/span>\n                <\/div>\n            <\/div>\n        <\/div>\n    <\/div>\n<\/li>\n        \n    <\/ul>\n<\/div>[\/vc_column][\/vc_row][vc_row css_animation=&#8221;&#8221; row_type=&#8221;row&#8221; use_row_as_full_screen_section=&#8221;no&#8221; type=&#8221;grid&#8221; angled_section=&#8221;no&#8221; text_align=&#8221;center&#8221; background_image_as_pattern=&#8221;without_pattern&#8221; anchor=&#8221;eventianchor&#8221; z_index=&#8221;&#8221; css=&#8221;.vc_custom_1753881269985{padding-bottom: 100px !important;background-color: #f7f8fa !important;}&#8221;][vc_column][qode_elements_holder number_of_columns=&#8221;one_column&#8221;][qode_elements_holder_item advanced_animations=&#8221;no&#8221; item_padding=&#8221;0px 10% 60px&#8221; item_padding_480_600=&#8221;0px 0% 60px&#8221; item_padding_480=&#8221;0px 0% 60px&#8221;][vc_column_text]<\/p>\n<h1>Eventi<\/h1>\n<p>[\/vc_column_text][\/qode_elements_holder_item][\/qode_elements_holder]\n<div class='latest_post_holder image_on_the_left_boxed  ' >\n    <ul>\n    <li class=\"clearfix \">\n    <div class=\"latest_post\">\n        <div class=\"latest_post_image clearfix\">\n            <a itemprop=\"url\" href=\"https:\/\/www.fondazionebiancaballabio.org\/index.php\/2025\/12\/16\/ii-edizione-del-trofeo-fondazione-bianca-ballabio-al-golf-club-le-robinie\/\">\n                                <img decoding=\"async\" itemprop=\"image\" src=\"https:\/\/www.fondazionebiancaballabio.org\/wp-content\/uploads\/2025\/03\/logo-robinie-golf-club-150x150.png\" alt=\"\" \/>\n            <\/a>\n        <\/div>\n        <div class=\"latest_post_text\">\n            <div class=\"latest_post_inner\">\n                <div class=\"latest_post_text_inner\">\n                                                            <h3 itemprop=\"name\" class=\"latest_post_title entry_title\"><a itemprop=\"url\" href=\"https:\/\/www.fondazionebiancaballabio.org\/index.php\/2025\/12\/16\/ii-edizione-del-trofeo-fondazione-bianca-ballabio-al-golf-club-le-robinie\/\">II edizione del Trofeo &#8220;Fondazione Bianca Ballabio&#8221; al Golf Club Le Robinie<\/a><\/h3>\n                    <p class=\"excerpt\">Il 4 Ottobre 2025, il\u00a0Golf Club Le Robinie\u00a0di Solbiate Olona ha fatto da cornice alla seconda edizione del\u00a0Torneo di Golf &#8220;Bianca Ballabio&#8221;. Una giornata di sport e condivisione che ha visto una straordinaria partecipazione. Oltre alla gara, il momento clou \u00e8 stato la grande lotteria benefica, resa possibile grazie all&#8217;impegno di&nbsp;Barbara Repossinied&nbsp;Emanuele Canziani. Grazie alla generosit\u00e0 dei commercianti di Legnano e dintorni, sono stati messi in palio premi per un...<\/p>\n                    <span class=\"post_infos\">\n\n                        \n                        \n                        \n\n                    <\/span>\n                <\/div>\n            <\/div>\n        <\/div>\n    <\/div>\n<\/li>\n        <li class=\"clearfix \">\n    <div class=\"latest_post\">\n        <div class=\"latest_post_image clearfix\">\n            <a itemprop=\"url\" href=\"https:\/\/www.fondazionebiancaballabio.org\/index.php\/2025\/12\/16\/ii-edizione-torneo-di-tennis-bianca-ballabio\/\">\n                                <img decoding=\"async\" itemprop=\"image\" src=\"https:\/\/www.fondazionebiancaballabio.org\/wp-content\/uploads\/2024\/11\/465239111_1070949328373282_4642578641940506174_n-150x150.jpg\" alt=\"\" \/>\n            <\/a>\n        <\/div>\n        <div class=\"latest_post_text\">\n            <div class=\"latest_post_inner\">\n                <div class=\"latest_post_text_inner\">\n                                                            <h3 itemprop=\"name\" class=\"latest_post_title entry_title\"><a itemprop=\"url\" href=\"https:\/\/www.fondazionebiancaballabio.org\/index.php\/2025\/12\/16\/ii-edizione-torneo-di-tennis-bianca-ballabio\/\">Anastasia Grimalska trionfa alla II Edizione del Torneo &#8220;Bianca Ballabio&#8221; e vola a Roma<\/a><\/h3>\n                    <p class=\"excerpt\">La seconda edizione del&nbsp;Torneo di Tennis &#8220;Bianca Ballabio&#8221;, svoltasi presso il&nbsp;Tennis Club Busto Arsizio, \u00e8 stata un evento di altissimo livello sportivo ed emotivo. Quest&#8217;anno la competizione aveva un valore ancora pi\u00f9 prestigioso: l&#8217;assegnazione di una&nbsp;Wild Card per le pre-qualificazioni degli Internazionali BNL d&#8217;Italia 2026&nbsp;al Foro Italico di Roma. A conquistare il titolo e l&#8217;ambito pass per Roma \u00e8 stata\u00a0Anastasia Grimalska, che ha vint...<\/p>\n                    <span class=\"post_infos\">\n\n                        \n                        \n                        \n\n                    <\/span>\n                <\/div>\n            <\/div>\n        <\/div>\n    <\/div>\n<\/li>\n        <li class=\"clearfix \">\n    <div class=\"latest_post\">\n        <div class=\"latest_post_image clearfix\">\n            <a itemprop=\"url\" href=\"https:\/\/www.fondazionebiancaballabio.org\/index.php\/2025\/03\/13\/il-concerto-dove-ci-sono-gli-angeli-ce-melodia-in-memoria-di-bianca-e-saverio\/\">\n                                <img decoding=\"async\" itemprop=\"image\" src=\"https:\/\/www.fondazionebiancaballabio.org\/wp-content\/uploads\/2025\/03\/concerto-per-bianca-e-saverio-legnano-ratti-14-1536x1024-1-150x150.jpg\" alt=\"\" \/>\n            <\/a>\n        <\/div>\n        <div class=\"latest_post_text\">\n            <div class=\"latest_post_inner\">\n                <div class=\"latest_post_text_inner\">\n                                                            <h3 itemprop=\"name\" class=\"latest_post_title entry_title\"><a itemprop=\"url\" href=\"https:\/\/www.fondazionebiancaballabio.org\/index.php\/2025\/03\/13\/il-concerto-dove-ci-sono-gli-angeli-ce-melodia-in-memoria-di-bianca-e-saverio\/\">Il Concerto \u201cDove ci sono gli angeli c\u2019\u00e8 melodia\u201d in memoria di Bianca e Saverio<\/a><\/h3>\n                    <p class=\"excerpt\">Il 12 gennaio 2025, la Sala Ratti di Legnano ha ospitato il concerto &#8220;Dove ci sono gli angeli c&#8217;\u00e8 melodia&#8220;, organizzato dalla Fondazione Bianca Ballabio in memoria di Bianca Ballabio e del vicebrigadiere Saverio Cirillo. L&#8217;evento ha visto la partecipazione del pianista di fama internazionale Emanuele Arciuli, che ha eseguito brani di compositori come Haydn, Debussy, Grieg, Margaret Bonds, William Duckworth, John Harbison e Michael Daugherty. L&#8217;iniziativa si inserisc...<\/p>\n                    <span class=\"post_infos\">\n\n                        \n                        \n                        \n\n                    <\/span>\n                <\/div>\n            <\/div>\n        <\/div>\n    <\/div>\n<\/li>\n        <li class=\"clearfix \">\n    <div class=\"latest_post\">\n        <div class=\"latest_post_image clearfix\">\n            <a itemprop=\"url\" href=\"https:\/\/www.fondazionebiancaballabio.org\/index.php\/2025\/03\/13\/trofeo-inaugurale-fondazione-bianca-ballabio-al-golf-club-le-robinie\/\">\n                                <img decoding=\"async\" itemprop=\"image\" src=\"https:\/\/www.fondazionebiancaballabio.org\/wp-content\/uploads\/2025\/03\/logo-robinie-golf-club-150x150.png\" alt=\"\" \/>\n            <\/a>\n        <\/div>\n        <div class=\"latest_post_text\">\n            <div class=\"latest_post_inner\">\n                <div class=\"latest_post_text_inner\">\n                                                            <h3 itemprop=\"name\" class=\"latest_post_title entry_title\"><a itemprop=\"url\" href=\"https:\/\/www.fondazionebiancaballabio.org\/index.php\/2025\/03\/13\/trofeo-inaugurale-fondazione-bianca-ballabio-al-golf-club-le-robinie\/\">Trofeo inaugurale &#8220;Fondazione Bianca Ballabio&#8221; al Golf Club Le Robinie<\/a><\/h3>\n                    <p class=\"excerpt\">Il 23 novembre 2024, il Golf Club Le Robinie ha ospitato il 1\u00b0 Trofeo Fondazione &#8220;Bianca Ballabio&#8221;, in memoria della giovane legnanese scomparsa in un incidente stradale. L&#8217;evento, con una grande partecipazione, si \u00e8 svolto su 18 buche con formula Stableford. Il trofeo assoluto \u00e8 stato vinto da Massimiliano Sforza, mentre nelle categorie nette si sono imposti Marco Rondanini, Marco Trucco e Deborah Guolo. Il torneo ha contribuito alla raccolta fondi per i suoi progetti, come &amp;#...<\/p>\n                    <span class=\"post_infos\">\n\n                        \n                        \n                        \n\n                    <\/span>\n                <\/div>\n            <\/div>\n        <\/div>\n    <\/div>\n<\/li>\n        <li class=\"clearfix \">\n    <div class=\"latest_post\">\n        <div class=\"latest_post_image clearfix\">\n            <a itemprop=\"url\" href=\"https:\/\/www.fondazionebiancaballabio.org\/index.php\/2024\/11\/02\/open-di-tennis-settembre-2024-in-memoria-di-bianca\/\">\n                                <img decoding=\"async\" itemprop=\"image\" src=\"https:\/\/www.fondazionebiancaballabio.org\/wp-content\/uploads\/2024\/11\/465239111_1070949328373282_4642578641940506174_n-150x150.jpg\" alt=\"\" \/>\n            <\/a>\n        <\/div>\n        <div class=\"latest_post_text\">\n            <div class=\"latest_post_inner\">\n                <div class=\"latest_post_text_inner\">\n                                                            <h3 itemprop=\"name\" class=\"latest_post_title entry_title\"><a itemprop=\"url\" href=\"https:\/\/www.fondazionebiancaballabio.org\/index.php\/2024\/11\/02\/open-di-tennis-settembre-2024-in-memoria-di-bianca\/\">OPEN DI TENNIS SETTEMBRE 2024 \u201cIN MEMORIA DI BIANCA\u201d<\/a><\/h3>\n                    <p class=\"excerpt\">L&#8217;ASD Tennis Time Champion di Paolo Zingale (campione europeo di tennis) e La Fondazione Bianca Ballabio insieme per ricordare Bianca nella prima edizione del torneo dedicato alla sua memoria presso il prestigioso Tennis Club di Busto Arsizio. Coinvolte 40 partecipanti classi\ufb01cate e provenienti da tutta Italia; A vincere il torneo \u00e8 l\u2019amica di Bianca, Rachele Zingale....<\/p>\n                    <span class=\"post_infos\">\n\n                        \n                        \n                        \n\n                    <\/span>\n                <\/div>\n            <\/div>\n        <\/div>\n    <\/div>\n<\/li>\n        \n    <\/ul>\n<\/div>[\/vc_column][\/vc_row][vc_row css_animation=&#8221;&#8221; row_type=&#8221;row&#8221; use_row_as_full_screen_section=&#8221;no&#8221; type=&#8221;full_width&#8221; angled_section=&#8221;no&#8221; text_align=&#8221;left&#8221; background_image_as_pattern=&#8221;without_pattern&#8221; z_index=&#8221;&#8221; background_image=&#8221;400&#8243; anchor=&#8221;donare&#8221;][vc_column][qode_elements_holder number_of_columns=&#8221;one_column&#8221;][qode_elements_holder_item horizontal_alignment=&#8221;center&#8221; advanced_animations=&#8221;no&#8221; item_padding=&#8221;75px 125px 75px 125px&#8221; item_padding_600_768=&#8221;75px 50px&#8221; item_padding_480_600=&#8221;75px 50px&#8221; item_padding_480=&#8221;75px 50px&#8221;][vc_column_text]<\/p>\n<p style=\"color: black; text-shadow: 1px 1px lightgrey; margin-bottom: 15px; line-height: 2; font-size: 18px;\">La Fondazione Bianca Ballabio \u00e8 costituita presso Fondazione Italia per il Dono (FIDO), il primo intermediario filantropico in grado di operare su tutto il territorio nazionale ed all&#8217;estero.<br \/>\n\u201cDonaperildono\u201d\u00a0\u00e8 la piattaforma di crowdfunding che permette di\u00a0RACCOGLIERE TUTTE LE DONAZIONI CON LE QUALI VORRETE SOSTENERE LE ATTIVIT\u00c0\u00a0\u00a0ED I PROGETTI DELLA \u201cFONDAZIONE BIANCA BALLABIO\u201d.<\/p>\n<p style=\"color: black; text-shadow: 1px 1px lightgrey; margin-bottom: 15px; line-height: 2; font-size: 25px;\"><strong>Donare \u00e8 semplice, immediato e sicuro.<\/strong><\/p>\n<p style=\"color: black; text-shadow: 1px 1px lightgrey; margin-bottom: 15px; line-height: 2; font-size: 18px;\">Selezionando il tasto \u201cDona Ora\u201d potrai fare la tua donazione tramite\u00a0bonifico\u00a0o\u00a0assegno bancario\u00a0sul\u00a0Conto Corrente della Fondazione FIDO, on-Line tramite carta di credito\u00a0e attraverso\u00a0bollettino postale.<\/p>\n<p style=\"color: black; text-shadow: 1px 1px lightgrey; margin-bottom: 15px; line-height: 2; font-size: 18px;\">Ogni donatore potr\u00e0 avere la possibilit\u00e0 di usufruire benefici fiscali fino ad un valore del 30% dell&#8217;importo donato.<\/p>\n<p style=\"color: black; text-shadow: 1px 1px lightgrey; margin-bottom: 15px; line-height: 2; font-size: 18px;\">Dopo aver effettuato la tua donazione riceverai una mail da parte di FIDO con tutti i dettagli.<\/p>\n<p><a  itemprop=\"url\" href=\"https:\/\/dona.perildono.it\/fondazione-bianca-ballabio\/\" target=\"_blank\" data-hover-color='#3d3c3c' class=\"qbutton  big_large center default\" style=\"color: #3d3c3c; border-color: grey; background-color: #fffff;\">Dona Ora<\/a>[\/vc_column_text][\/qode_elements_holder_item][\/qode_elements_holder][\/vc_column][\/vc_row][vc_row css_animation=&#8221;&#8221; row_type=&#8221;row&#8221; use_row_as_full_screen_section=&#8221;no&#8221; type=&#8221;grid&#8221; angled_section=&#8221;no&#8221; text_align=&#8221;center&#8221; background_image_as_pattern=&#8221;without_pattern&#8221; anchor=&#8221;fondazione&#8221; z_index=&#8221;&#8221; css=&#8221;.vc_custom_1614677823864{padding-top: 125px !important;padding-bottom: 90px !important;background-color: #ffffff !important;}&#8221;][vc_column][qode_elements_holder number_of_columns=&#8221;one_column&#8221;][qode_elements_holder_item advanced_animations=&#8221;no&#8221; item_padding=&#8221;0px 10% 30px&#8221; item_padding_600_768=&#8221;0px 0% 60px&#8221; item_padding_480_600=&#8221;0px 0% 60px&#8221; item_padding_480=&#8221;0px 0% 60px&#8221;][vc_column_text]<\/p>\n<h1>Organismo di controllo<\/h1>\n<p>[\/vc_column_text][\/qode_elements_holder_item][\/qode_elements_holder][vc_row_inner row_type=&#8221;row&#8221; type=&#8221;full_width&#8221; text_align=&#8221;center&#8221; css_animation=&#8221;&#8221;][vc_column_inner width=&#8221;1\/2&#8243; offset=&#8221;vc_col-md-6&#8243;]<div class='q_team' style='background-color:rgba(255,255,255,0.01);'><div class='q_team_inner'><div class='q_team_text' ><div class='q_team_text_inner'><div class='q_team_title_holder'><h4 class='q_team_name' style = ''>Massimo Ballabio<\/h4><span style = ''>Presidente<\/span><\/div><\/div><div class='q_team_social_holder'><\/div><\/div><\/div><\/div>[vc_empty_space height=&#8221;30px&#8221;][\/vc_column_inner][vc_column_inner width=&#8221;1\/2&#8243; offset=&#8221;vc_col-md-6&#8243;]<div class='q_team' style='background-color:rgba(255,255,255,0.01);'><div class='q_team_inner'><div class='q_team_text' ><div class='q_team_text_inner'><div class='q_team_title_holder'><h4 class='q_team_name' style = ''>Michela Bonzi<\/h4><span style = ''>Vice Presidente<\/span><\/div><\/div><div class='q_team_social_holder'><\/div><\/div><\/div><\/div>[vc_empty_space height=&#8221;30px&#8221;][\/vc_column_inner][\/vc_row_inner][qode_elements_holder number_of_columns=&#8221;one_column&#8221;][qode_elements_holder_item advanced_animations=&#8221;no&#8221; item_padding=&#8221;0px 10% 30px&#8221; item_padding_600_768=&#8221;0px 0% 60px&#8221; item_padding_480_600=&#8221;0px 0% 60px&#8221; item_padding_480=&#8221;0px 0% 60px&#8221;][vc_column_text]<\/p>\n<h1>Comitato scientifico<\/h1>\n<p>[\/vc_column_text][\/qode_elements_holder_item][\/qode_elements_holder][vc_row_inner row_type=&#8221;row&#8221; type=&#8221;full_width&#8221; text_align=&#8221;left&#8221; css_animation=&#8221;&#8221;][vc_column_inner width=&#8221;1\/3&#8243; offset=&#8221;vc_col-md-4&#8243;]<div class='q_team' style='background-color:rgba(255,255,255,0.01);'><div class='q_team_inner'><div class='q_team_text' ><div class='q_team_text_inner'><div class='q_team_title_holder'><h4 class='q_team_name' style = ''>Prof. Andrea Imperatori<\/h4><span style = ''>Professore Associato di Chirurgia Toracica - Direttore della Scuola di Specializzazione in Chirurgia Toracica, Universit\u00e0 dell'Insubria - Direttore del Centro di Ricerca in Chirurgia Toracica, Dipartimento di Medicina e Chirurgia, Universit\u00e0 dell'Insubria<\/span><\/div><\/div><div class='q_team_social_holder'><\/div><\/div><\/div><\/div>[vc_empty_space height=&#8221;30px&#8221;][\/vc_column_inner][vc_column_inner width=&#8221;1\/3&#8243; offset=&#8221;vc_col-md-4&#8243;]<div class='q_team' style='background-color:rgba(255,255,255,0.01);'><div class='q_team_inner'><div class='q_team_text' ><div class='q_team_text_inner'><div class='q_team_title_holder'><h4 class='q_team_name' style = ''>Dott. Fabio Ceriani<\/h4><span style = ''>Responsabile U.O. Chirurgia Generale<br \/>\nMultimedica Santa Maria Castellanza<\/span><\/div><\/div><div class='q_team_social_holder'><\/div><\/div><\/div><\/div>[vc_empty_space height=&#8221;30px&#8221;][\/vc_column_inner][vc_column_inner width=&#8221;1\/3&#8243; offset=&#8221;vc_col-md-4&#8243;]<div class='q_team'><div class='q_team_inner'><div class='q_team_text' ><div class='q_team_text_inner'><div class='q_team_title_holder'><h4 class='q_team_name' style = ''>Dott. Ernesto Morlacchi<\/h4><span style = ''>Specialista in Chirurgia Vascolare<br \/>\nMultimedica Santa Maria Castellanza<\/span><\/div><\/div><div class='q_team_social_holder'><\/div><\/div><\/div><\/div>[vc_empty_space height=&#8221;30px&#8221;][\/vc_column_inner][\/vc_row_inner][\/vc_column][\/vc_row][vc_row css_animation=&#8221;&#8221; row_type=&#8221;row&#8221; use_row_as_full_screen_section=&#8221;no&#8221; type=&#8221;full_width&#8221; angled_section=&#8221;no&#8221; text_align=&#8221;left&#8221; background_image_as_pattern=&#8221;without_pattern&#8221; z_index=&#8221;&#8221; background_image=&#8221;274&#8243;][vc_column][qode_elements_holder number_of_columns=&#8221;one_column&#8221;][qode_elements_holder_item horizontal_alignment=&#8221;center&#8221; advanced_animations=&#8221;no&#8221; item_padding=&#8221;75px 125px 75px 125px&#8221; item_padding_600_768=&#8221;75px 50px&#8221; item_padding_480_600=&#8221;75px 50px&#8221; item_padding_480=&#8221;75px 50px&#8221;][vc_column_text]<\/p>\n<h1 style=\"color: white; text-shadow: 1px 1px grey;\">&#8220;Love is our resistance&#8221;<\/h1>\n<h3 style=\"color: white; margin-top: 25px; text-shadow: 1px 1px grey;\">Muse<\/h3>\n<p>[\/vc_column_text][\/qode_elements_holder_item][\/qode_elements_holder][\/vc_column][\/vc_row][vc_row css_animation=&#8221;&#8221; row_type=&#8221;row&#8221; use_row_as_full_screen_section=&#8221;no&#8221; type=&#8221;grid&#8221; angled_section=&#8221;no&#8221; text_align=&#8221;center&#8221; background_image_as_pattern=&#8221;without_pattern&#8221; anchor=&#8221;ricordo&#8221; z_index=&#8221;&#8221; css=&#8221;.vc_custom_1618411713082{padding-top: 120px !important;padding-bottom: 100px !important;background-color: #f7f8fa !important;}&#8221;][vc_column][qode_elements_holder number_of_columns=&#8221;one_column&#8221;][qode_elements_holder_item advanced_animations=&#8221;no&#8221; item_padding=&#8221;0px 10% 60px&#8221; item_padding_480_600=&#8221;0px 0% 60px&#8221; item_padding_480=&#8221;0px 0% 60px&#8221;][vc_column_text]<\/p>\n<h1>In ricordo di Bianca<\/h1>\n<p>[\/vc_column_text][\/qode_elements_holder_item][\/qode_elements_holder][vc_row_inner row_type=&#8221;row&#8221; type=&#8221;full_width&#8221; text_align=&#8221;left&#8221; css_animation=&#8221;&#8221;][vc_column_inner width=&#8221;1\/3&#8243; offset=&#8221;vc_col-md-4&#8243;]<div class=\"qode-info-card\">\n\t\t\t<div class=\"qode-info-card-image\" style=\"background-color:#fff\">\n\t\t\t<img decoding=\"async\" src=\"https:\/\/www.fondazionebiancaballabio.org\/wp-content\/uploads\/2023\/05\/PHOTO-2023-03-24-19-51-42.jpg\" alt=\"\" \/>\n\t\t<\/div>\n\t\t<div class=\"qode-info-card-text-holder\" style=\"background-color:#fff\">\n\t\t\t\t\t<h3 class=\"qode-info-card-title\" >\n\t\t\t\tASD Tennis Time - 2022\t\t\t<\/h3>\n\t\t\t\t\t\t\t<p class=\"qode-info-card-text\" >\n\t\t\t\tNel 2022, l&#039;ASD Tennis Time, guidata da Paolo Zingale, ha organizzato il torneo ``Championship`` come parte della tradizione natalizia annuale. Questo torneo, a cui Bianca ha sempre partecipato, ha visto il suo ricavato generosamente devoluto alla ``Fondazione Bianca Ballabio``. I vincitori sono stati premiati con una toccante cerimonia di premiazione. Grazie ancora una volta da parte di tutta la Fondazione Bianca Ballabio!\t\t\t<\/p>\n\t\t\t<\/div>\n\t<\/div>[vc_empty_space height=&#8221;30px&#8221;][\/vc_column_inner][vc_column_inner width=&#8221;1\/3&#8243; offset=&#8221;vc_col-md-4&#8243;]<div class=\"qode-info-card\">\n\t\t\t<div class=\"qode-info-card-image\" style=\"background-color:#fff\">\n\t\t\t<img decoding=\"async\" src=\"https:\/\/www.fondazionebiancaballabio.org\/wp-content\/uploads\/2021\/05\/Amici002-copia.jpg\" alt=\"\" \/>\n\t\t<\/div>\n\t\t<div class=\"qode-info-card-text-holder\" style=\"background-color:#fff\">\n\t\t\t\t\t<h3 class=\"qode-info-card-title\" >\n\t\t\t\tStarpadel Legnano\t\t\t<\/h3>\n\t\t\t\t\t\t\t<p class=\"qode-info-card-text\" >\n\t\t\t\tLo staff di Starpadel Legnano ha deciso di organizzare nel mese di Maggio un torneo di padel amatoriale tra donne intitolato ``In ricordo di Bianca`` il cui ricavato sar\u00e0 generosamente donato alla Fondazione Bianca Ballabio\t\t\t<\/p>\n\t\t\t<\/div>\n\t<\/div>[vc_empty_space height=&#8221;30px&#8221;][\/vc_column_inner][vc_column_inner width=&#8221;1\/3&#8243; offset=&#8221;vc_col-md-4&#8243;]<div class=\"qode-info-card\">\n\t\t\t<div class=\"qode-info-card-image\" style=\"background-color:#fff\">\n\t\t\t<img decoding=\"async\" src=\"https:\/\/www.fondazionebiancaballabio.org\/wp-content\/uploads\/2022\/03\/Evento1.png\" alt=\"\" \/>\n\t\t<\/div>\n\t\t<div class=\"qode-info-card-text-holder\" style=\"background-color:#fff\">\n\t\t\t\t\t<h3 class=\"qode-info-card-title\" >\n\t\t\t\tASD Tennis Time - 2021\t\t\t<\/h3>\n\t\t\t\t\t\t\t<p class=\"qode-info-card-text\" >\n\t\t\t\tASD Tennis Time del caro amico Paolo Zingale ha voluto dedicare il torneo ``Championship``, che viene organizzato ogni Natale, a Bianca. Bianca partecipava sempre a questo torneo. Il ricavato del torneo di ben 1200\u20ac \u00e8 stato interamente devoluto alla ``Fondazione Bianca Ballabio`` con una commovente premiazione dei vincitori del torneo. Grazie ASD Tennis Time!\t\t\t<\/p>\n\t\t\t<\/div>\n\t<\/div>[vc_empty_space height=&#8221;30px&#8221;][\/vc_column_inner][\/vc_row_inner][vc_row_inner row_type=&#8221;row&#8221; type=&#8221;full_width&#8221; text_align=&#8221;left&#8221; css_animation=&#8221;&#8221;][vc_column_inner width=&#8221;1\/3&#8243; offset=&#8221;vc_col-md-4&#8243;]<div class=\"qode-info-card\">\n\t\t\t<div class=\"qode-info-card-image\" style=\"background-color:#fff\">\n\t\t\t<img decoding=\"async\" src=\"https:\/\/www.fondazionebiancaballabio.org\/wp-content\/uploads\/2022\/03\/Evento2.png\" alt=\"\" \/>\n\t\t<\/div>\n\t\t<div class=\"qode-info-card-text-holder\" style=\"background-color:#fff\">\n\t\t\t\t\t<h3 class=\"qode-info-card-title\" >\n\t\t\t\tStarpadel Legnano\t\t\t<\/h3>\n\t\t\t\t\t\t\t<p class=\"qode-info-card-text\" >\n\t\t\t\tStarpadel Legnano ha organizzato il 16 dicembre un altro torneo benefico ``Per non dimenticare Bianca``. L&#039;incasso del torneo \u00e8 stato generosamente devoluto alla ``Fondazione Bianca Ballabio``. Grazie Starpadel Legnano!\t\t\t<\/p>\n\t\t\t<\/div>\n\t<\/div>[vc_empty_space height=&#8221;30px&#8221;][\/vc_column_inner][vc_column_inner width=&#8221;1\/3&#8243; offset=&#8221;vc_col-md-4&#8243;]<div class=\"qode-info-card\">\n\t\t\t<div class=\"qode-info-card-image\" style=\"background-color:#fff\">\n\t\t\t<img decoding=\"async\" src=\"https:\/\/www.fondazionebiancaballabio.org\/wp-content\/uploads\/2022\/03\/Evento3.png\" alt=\"\" \/>\n\t\t<\/div>\n\t\t<div class=\"qode-info-card-text-holder\" style=\"background-color:#fff\">\n\t\t\t\t\t<h3 class=\"qode-info-card-title\" >\n\t\t\t\tRotary Club Castellanza\t\t\t<\/h3>\n\t\t\t\t\t\t\t<p class=\"qode-info-card-text\" >\n\t\t\t\tIl 24 febbraio il Rotary Club ``Castellanza`` ha dedicato un incontro presso la sede di RovedaLab alla Fondazione Bianca Ballabio dove \u00e8 stato da noi raccontato in sintesi cos&#039;\u00e8 e come \u00e8 nata la fondazione. Il socio Luca Roveda, che ringraziamo di cuore, ha destinato il ricavato della serata di ben 1230\u20ac alla fondazione.\t\t\t<\/p>\n\t\t\t<\/div>\n\t<\/div>[vc_empty_space height=&#8221;30px&#8221;][\/vc_column_inner][vc_column_inner width=&#8221;1\/3&#8243; offset=&#8221;vc_col-md-4&#8243;]<div class=\"qode-info-card\">\n\t\t\t<div class=\"qode-info-card-image\" style=\"background-color:#fff\">\n\t\t\t<img decoding=\"async\" src=\"https:\/\/www.fondazionebiancaballabio.org\/wp-content\/uploads\/2021\/04\/Amici001.jpg\" alt=\"\" \/>\n\t\t<\/div>\n\t\t<div class=\"qode-info-card-text-holder\" style=\"background-color:#fff\">\n\t\t\t\t\t<h3 class=\"qode-info-card-title\" >\n\t\t\t\tASD Tennis Time - 2020\t\t\t<\/h3>\n\t\t\t\t\t\t\t<p class=\"qode-info-card-text\" >\n\t\t\t\tASD Tennis Time di Paolo Zingale ha voluto ricordare l&#039;allieva ed amica Bianca sul suo nuovo prezioso pulmino per le loro trasferte agonistiche di tennis. ``A proteggerlo nelle grandi avventure il nostro angelo Bianca Ballabio che da lass\u00f9, con la sua parrucca fucsia, teneramente ci accompagna ed attraversa il nostro cuore`` sono le parole del caro amico Paolo.\t\t\t<\/p>\n\t\t\t<\/div>\n\t<\/div>[vc_empty_space height=&#8221;30px&#8221;][\/vc_column_inner][\/vc_row_inner][\/vc_column][\/vc_row][vc_row css_animation=&#8221;&#8221; row_type=&#8221;row&#8221; use_row_as_full_screen_section=&#8221;no&#8221; type=&#8221;full_width&#8221; angled_section=&#8221;no&#8221; text_align=&#8221;left&#8221; background_image_as_pattern=&#8221;without_pattern&#8221; background_image=&#8221;487&#8243; z_index=&#8221;&#8221; side_padding=&#8221;25%&#8221;][vc_column][qode_elements_holder number_of_columns=&#8221;one_column&#8221;][qode_elements_holder_item advanced_animations=&#8221;no&#8221; item_padding=&#8221;50px 0px 50px&#8221;]<div class='testimonials_c_holder clearfix light'><div class=\"testimonials_c testimonials_c_carousel\" data-show-navigation=\"yes\" data-animation-speed=\"\" data-auto-rotate-slides=\"10\" data-number-per-slide=\"1\"><ul class=\"slides\"><li id=\"testimonials-c-76\" class=\"testimonial_content\"><div class=\"testimonial_content_inner\"><div class=\"testimonial_text_holder\"><div class=\"testimonial_text_inner\" style=\"color: #ffffff;\"><p style='font-size:32px;color:#ffffff;'>Bianca rimane una risata, Bianca rimane allegria e felicit\u00e0.\r\nBianca rimane l\u2019amica che senti nel cuore anche senza vederla. \r\nTi vogliamo bene, fiore.<\/p><p class=\"testimonial_author\" style=\"color: #ffffff;font-weight: 500;color: #ffffff;font-size: 17px;\">Aurora <\/p><\/div><\/div><\/div><\/li><li id=\"testimonials-c-77\" class=\"testimonial_content\"><div class=\"testimonial_content_inner\"><div class=\"testimonial_text_holder\"><div class=\"testimonial_text_inner\" style=\"color: #ffffff;\"><p style='font-size:32px;color:#ffffff;'>\"Only shooting stars break the mold\"<\/p><p class=\"testimonial_author\" style=\"color: #ffffff;font-weight: 500;color: #ffffff;font-size: 17px;\">Alessia, Cecilia, Chiara<\/p><\/div><\/div><\/div><\/li><li id=\"testimonials-c-83\" class=\"testimonial_content\"><div class=\"testimonial_content_inner\"><div class=\"testimonial_text_holder\"><div class=\"testimonial_text_inner\" style=\"color: #ffffff;\"><p style='font-size:32px;color:#ffffff;'>Bianca amava vivere e viveva per amare.\r\nUn amore che resta, che permane e sconvolge, tanto \u00e8 sincero e genuino.\r\nMi guardo intorno e in tutto ci\u00f2 che di bello c\u2019\u00e8 al mondo intravedo i suoi occhioni verdi e il sorriso che non ha mai abbandonato.\r\nManchi tanto B<\/p><p class=\"testimonial_author\" style=\"color: #ffffff;font-weight: 500;color: #ffffff;font-size: 17px;\">Cristina<\/p><\/div><\/div><\/div><\/li><li id=\"testimonials-c-455\" class=\"testimonial_content\"><div class=\"testimonial_content_inner\"><div class=\"testimonial_text_holder\"><div class=\"testimonial_text_inner\" style=\"color: #ffffff;\"><p style='font-size:32px;color:#ffffff;'>Bianca rimane una risata, Bianca rimane allegria e felicit\u00e0.\r\nBianca rimane l\u2019amica che senti nel cuore anche senza vederla. \r\nTi vogliamo bene, fiore.<\/p><p class=\"testimonial_author\" style=\"color: #ffffff;font-weight: 500;color: #ffffff;font-size: 17px;\">Aurora <\/p><\/div><\/div><\/div><\/li><li id=\"testimonials-c-456\" class=\"testimonial_content\"><div class=\"testimonial_content_inner\"><div class=\"testimonial_text_holder\"><div class=\"testimonial_text_inner\" style=\"color: #ffffff;\"><p style='font-size:32px;color:#ffffff;'>\"Only shooting stars break the mold\"<\/p><p class=\"testimonial_author\" style=\"color: #ffffff;font-weight: 500;color: #ffffff;font-size: 17px;\">Alessia, Cecilia, Chiara<\/p><\/div><\/div><\/div><\/li><li id=\"testimonials-c-462\" class=\"testimonial_content\"><div class=\"testimonial_content_inner\"><div class=\"testimonial_text_holder\"><div class=\"testimonial_text_inner\" style=\"color: #ffffff;\"><p style='font-size:32px;color:#ffffff;'>\"Light reflects from your shadow\"<\/p><p class=\"testimonial_author\" style=\"color: #ffffff;font-weight: 500;color: #ffffff;font-size: 17px;\">Mattia<\/p><\/div><\/div><\/div><\/li><li id=\"testimonials-c-463\" class=\"testimonial_content\"><div class=\"testimonial_content_inner\"><div class=\"testimonial_text_holder\"><div class=\"testimonial_text_inner\" style=\"color: #ffffff;\"><p style='font-size:32px;color:#ffffff;'>Ad una grande donna, per una anima luminosa e cristallina con un cuore sincero. \r\nAd una delle persone pi\u00f9 determinate e caparbie che abbia mai conosciuto, piena di sogni e d\u2019amore. \r\nPer tutti i ricordi che mai sbiadiranno \r\nPer Sempre<\/p><p class=\"testimonial_author\" style=\"color: #ffffff;font-weight: 500;color: #ffffff;font-size: 17px;\"><\/p><\/div><\/div><\/div><\/li><li id=\"testimonials-c-465\" class=\"testimonial_content\"><div class=\"testimonial_content_inner\"><div class=\"testimonial_text_holder\"><div class=\"testimonial_text_inner\" style=\"color: #ffffff;\"><p style='font-size:32px;color:#ffffff;'>Bianca, il tuo abbraccio potr\u00e0 fare tanto per chi non vuole smettere di sognare.<\/p><p class=\"testimonial_author\" style=\"color: #ffffff;font-weight: 500;color: #ffffff;font-size: 17px;\">Angie<\/p><\/div><\/div><\/div><\/li><li id=\"testimonials-c-466\" class=\"testimonial_content\"><div class=\"testimonial_content_inner\"><div class=\"testimonial_text_holder\"><div class=\"testimonial_text_inner\" style=\"color: #ffffff;\"><p style='font-size:32px;color:#ffffff;'>Guardando l\u2019oceano sognavi di sorprendere il mondo col tuo spirito vitale, ma ora che vivi nell\u2019animo di tutti noi, possiedi la grazia nel tocco, e cos\u00ec ti fai sentire presente in ogni dove e quando, offrendoci le ali per librare accanto a te.<\/p><p class=\"testimonial_author\" style=\"color: #ffffff;font-weight: 500;color: #ffffff;font-size: 17px;\">Benni, Gaia, Sam<\/p><\/div><\/div><\/div><\/li><li id=\"testimonials-c-476\" class=\"testimonial_content\"><div class=\"testimonial_content_inner\"><div class=\"testimonial_text_holder\"><div class=\"testimonial_text_inner\" style=\"color: #ffffff;\"><p style='font-size:32px;color:#ffffff;'>Bianca amava vivere e viveva per amare.\r\nUn amore che resta, che permane e sconvolge, tanto \u00e8 sincero e genuino.\r\nMi guardo intorno e in tutto ci\u00f2 che di bello c\u2019\u00e8 al mondo intravedo i suoi occhioni verdi e il sorriso che non ha mai abbandonato.\r\nManchi tanto B<\/p><p class=\"testimonial_author\" style=\"color: #ffffff;font-weight: 500;color: #ffffff;font-size: 17px;\">Cristina<\/p><\/div><\/div><\/div><\/li><li id=\"testimonials-c-478\" class=\"testimonial_content\"><div class=\"testimonial_content_inner\"><div class=\"testimonial_text_holder\"><div class=\"testimonial_text_inner\" style=\"color: #ffffff;\"><p style='font-size:32px;color:#ffffff;'>\"Light reflects from your shadow\"<\/p><p class=\"testimonial_author\" style=\"color: #ffffff;font-weight: 500;color: #ffffff;font-size: 17px;\">Mattia<\/p><\/div><\/div><\/div><\/li><li id=\"testimonials-c-479\" class=\"testimonial_content\"><div class=\"testimonial_content_inner\"><div class=\"testimonial_text_holder\"><div class=\"testimonial_text_inner\" style=\"color: #ffffff;\"><p style='font-size:32px;color:#ffffff;'>Ad una grande donna, per una anima luminosa e cristallina con un cuore sincero. \r\nAd una delle persone pi\u00f9 determinate e caparbie che abbia mai conosciuto, piena di sogni e d\u2019amore. \r\nPer tutti i ricordi che mai sbiadiranno\r\nPer Sempre<\/p><p class=\"testimonial_author\" style=\"color: #ffffff;font-weight: 500;color: #ffffff;font-size: 17px;\"><\/p><\/div><\/div><\/div><\/li><li id=\"testimonials-c-480\" class=\"testimonial_content\"><div class=\"testimonial_content_inner\"><div class=\"testimonial_text_holder\"><div class=\"testimonial_text_inner\" style=\"color: #ffffff;\"><p style='font-size:32px;color:#ffffff;'>Bianca, il tuo abbraccio potr\u00e0 fare tanto per chi non vuole smettere di sognare.<\/p><p class=\"testimonial_author\" style=\"color: #ffffff;font-weight: 500;color: #ffffff;font-size: 17px;\">Angie<\/p><\/div><\/div><\/div><\/li><li id=\"testimonials-c-481\" class=\"testimonial_content\"><div class=\"testimonial_content_inner\"><div class=\"testimonial_text_holder\"><div class=\"testimonial_text_inner\" style=\"color: #ffffff;\"><p style='font-size:32px;color:#ffffff;'>Guardando l\u2019oceano sognavi di sorprendere il mondo col tuo spirito vitale, ma ora che vivi nell\u2019animo di tutti noi, possiedi la grazia nel tocco, e cos\u00ec ti fai sentire presente in ogni dove e quando, offrendoci le ali per librare accanto a te.<\/p><p class=\"testimonial_author\" style=\"color: #ffffff;font-weight: 500;color: #ffffff;font-size: 17px;\">Benni, Gaia, Sam<\/p><\/div><\/div><\/div><\/li><\/ul><\/div><\/div>[\/qode_elements_holder_item][\/qode_elements_holder][\/vc_column][\/vc_row]<\/p>\n","protected":false},"excerpt":{"rendered":"<p>[vc_row css_animation=&#8221;&#8221; row_type=&#8221;row&#8221; use_row_as_full_screen_section=&#8221;no&#8221; type=&#8221;grid&#8221; angled_section=&#8221;no&#8221; text_align=&#8221;left&#8221; background_image_as_pattern=&#8221;without_pattern&#8221; anchor=&#8221;bianca&#8221; z_index=&#8221;&#8221; css=&#8221;.vc_custom_1614676976565{padding-top: 120px !important;padding-bottom: 50px !important;}&#8221;][vc_column offset=&#8221;vc_col-md-6&#8243;][qode_elements_holder number_of_columns=&#8221;one_column&#8221;][qode_elements_holder_item advanced_animations=&#8221;no&#8221; item_padding=&#8221;30px 10% 0px 0px&#8221; item_padding_768_1024=&#8221;0px&#8221; item_padding_600_768=&#8221;0px&#8221; item_padding_480_600=&#8221;0px&#8221; item_padding_480=&#8221;0px&#8221;][vc_column_text] Bianca [\/vc_column_text][\/qode_elements_holder_item][\/qode_elements_holder][vc_empty_space height=&#8221;30px&#8221;][vc_column_text] Bianca aveva vent&#8217;anni e studiava Medicina e Chirurgia all&#8217;Universit\u00e0 di Sassari. Il 27 luglio 2020 conclude in anticipo tutti gli esami del primo anno con un 30 in Anatomia 1, frutto di impegno e determinazione. Pochi giorni dopo un incidente la porta in terapia intensiva al San Gerardo di Monza. L&#8217;11 Agosto 2020 Bianca ci lascia. La sua prima eredit\u00e0 sar\u00e0 la donazione degli organi. Bianca, la ragazza senza fronzoli che cantava sempre, con un eterno sorriso per tutti e una gran voglia di vivere, lascia un profondo vuoto intorno a s\u00e9. Un vuoto che doveva essere colmato. Ed \u00e8 proprio con questa volont\u00e0 che, nel febbraio 2021, mamma Michela e pap\u00e0 Massimo danno vita alla Fondazione Bianca Ballabio: per trasformare il sogno di Bianca \u2013 la Medicina \u2013 in opportunit\u00e0 concrete per chi cura. [\/vc_column_text][vc_empty_space height=&#8221;60px&#8221;][\/vc_column][vc_column offset=&#8221;vc_col-md-6&#8243;][vc_empty_space height=&#8221;20px&#8221;][vc_single_image image=&#8221;192&#8243; img_size=&#8221;full&#8221; alignment=&#8221;center&#8221; qode_css_animation=&#8221;element_from_right&#8221;][vc_empty_space height=&#8221;60px&#8221;][\/vc_column][\/vc_row][vc_row css_animation=&#8221;&#8221; row_type=&#8221;row&#8221; use_row_as_full_screen_section=&#8221;no&#8221; type=&#8221;full_width&#8221; angled_section=&#8221;no&#8221; text_align=&#8221;left&#8221; background_image_as_pattern=&#8221;without_pattern&#8221; z_index=&#8221;&#8221; anchor=&#8221;mission&#8221;][vc_column][qode_elements_holder number_of_columns=&#8221;two_columns&#8221;][qode_elements_holder_item cover=&#8221;yes&#8221; advanced_animations=&#8221;no&#8221; background_image=&#8221;266&#8243; item_padding_600_768=&#8221;250px&#8221; item_padding_480_600=&#8221;200px&#8221; item_padding_480=&#8221;200px&#8221;][\/qode_elements_holder_item][qode_elements_holder_item advanced_animations=&#8221;no&#8221; background_color=&#8221;#e8ecf6&#8243; item_padding=&#8221;75px 100px&#8221; item_padding_1280_1440=&#8221;90px&#8221; item_padding_1024_1280=&#8221;80px&#8221; item_padding_768_1024=&#8221;60px&#8221; item_padding_600_768=&#8221;90px&#8221; item_padding_480_600=&#8221;90px 40px&#8221; item_padding_480=&#8221;90px 40px&#8221;][vc_column_text] Missione [\/vc_column_text][vc_empty_space height=&#8221;22px&#8221;][vc_column_text] La Fondazione Bianca Ballabio nasce per ricordare Bianca, prematuramente scomparsa, e per dare vita ai sogni che non ha avuto il tempo di realizzare. Bianca, studentessa appassionata di Medicina, coltivava con entusiasmo il desiderio di diventare medico ed era profondamente interessata ai viaggi e agli scambi culturali, esperienze che aveva gi\u00e0 iniziato a vivere nonostante la giovane et\u00e0. La Fondazione si pone dunque l\u2019obiettivo di promuovere scambi interculturali formativi nell\u2019ambito delle Scienze Mediche, offrendo supporto economico e organizzativo a studenti di Medicina, giovani medici, specializzandi e ricercatori. Attraverso borse di studio annuali, i candidati selezionati potranno approfondire la propria formazione presso Universit\u00e0, Ospedali o Istituti di Ricerca all\u2019estero. La selezione avverr\u00e0 tramite un bando annuale valutato da un comitato, che individuer\u00e0 i meritevoli sulla base del curriculum, con attenzione alle condizioni economiche dei candidati. I vincitori, se non impossibilitati, condivideranno pubblicamente i risultati del loro percorso, presentandoli durante un evento annuale dedicato alla memoria di Bianca, dove si celebreranno i suoi valori e il suo impegno. Oltre a questa iniziativa, la Fondazione sviluppa un modello di intervento medico-sociale capillare e rigorosamente pianificato: ogni progetto viene selezionato basandosi su criteri scientifici e di impatto territoriale, e affidato a partner locali \u2013 centri di ricerca universitari, strutture ospedaliere e poli di formazione specialistica \u2013 scelti per la loro comprovata trasparenza gestionale. I finanziamenti sono vincolati a obiettivi specifici \u2013 potenziamento di laboratori universitari, avvio di percorsi di formazione specialistica, acquisto di strumentazioni diagnostiche o di addestramento \u2013 e corredati da un sistema di monitoraggio trimestrale con report pubblici sull\u2019impiego effettivo delle risorse. In questo modo, ogni euro donato non si disperde in grandi enti generici, ma arriva direttamente in progetti mirati, garantendo concretezza, tracciabilit\u00e0 e un impatto tangibile, nell\u2019intento di onorare al meglio la memoria di Bianca. [\/vc_column_text][vc_empty_space&#8230;<\/p>\n","protected":false},"author":1,"featured_media":0,"parent":0,"menu_order":0,"comment_status":"closed","ping_status":"closed","template":"full_width.php","meta":{"footnotes":""},"class_list":["post-5","page","type-page","status-publish","hentry"],"_links":{"self":[{"href":"https:\/\/www.fondazionebiancaballabio.org\/index.php\/wp-json\/wp\/v2\/pages\/5","targetHints":{"allow":["GET"]}}],"collection":[{"href":"https:\/\/www.fondazionebiancaballabio.org\/index.php\/wp-json\/wp\/v2\/pages"}],"about":[{"href":"https:\/\/www.fondazionebiancaballabio.org\/index.php\/wp-json\/wp\/v2\/types\/page"}],"author":[{"embeddable":true,"href":"https:\/\/www.fondazionebiancaballabio.org\/index.php\/wp-json\/wp\/v2\/users\/1"}],"replies":[{"embeddable":true,"href":"https:\/\/www.fondazionebiancaballabio.org\/index.php\/wp-json\/wp\/v2\/comments?post=5"}],"version-history":[{"count":208,"href":"https:\/\/www.fondazionebiancaballabio.org\/index.php\/wp-json\/wp\/v2\/pages\/5\/revisions"}],"predecessor-version":[{"id":875,"href":"https:\/\/www.fondazionebiancaballabio.org\/index.php\/wp-json\/wp\/v2\/pages\/5\/revisions\/875"}],"wp:attachment":[{"href":"https:\/\/www.fondazionebiancaballabio.org\/index.php\/wp-json\/wp\/v2\/media?parent=5"}],"curies":[{"name":"wp","href":"https:\/\/api.w.org\/{rel}","templated":true}]}}